{"id":2,"date":"2023-04-27T10:38:15","date_gmt":"2023-04-27T13:38:15","guid":{"rendered":"https:\/\/latic.uerj.br\/egressos\/?page_id=2"},"modified":"2023-05-19T16:11:55","modified_gmt":"2023-05-19T19:11:55","slug":"projeto","status":"publish","type":"page","link":"https:\/\/latic.uerj.br\/egressos\/?page_id=2","title":{"rendered":"O PROJETO"},"content":{"rendered":"\t\t<div data-elementor-type=\"wp-page\" data-elementor-id=\"2\" class=\"elementor elementor-2\">\n\t\t\t\t\t\t<section class=\"elementor-section elementor-top-section elementor-element elementor-element-a418164 elementor-section-boxed elementor-section-height-default elementor-section-height-default\" data-id=\"a418164\" data-element_type=\"section\" data-e-type=\"section\">\n\t\t\t\t\t\t<div class=\"elementor-container elementor-column-gap-default\">\n\t\t\t\t\t<div class=\"elementor-column elementor-col-100 elementor-top-column elementor-element elementor-element-294e6c1\" data-id=\"294e6c1\" data-element_type=\"column\" data-e-type=\"column\">\n\t\t\t<div class=\"elementor-widget-wrap elementor-element-populated\">\n\t\t\t\t\t\t<div class=\"elementor-element elementor-element-ac8fb65 elementor-view-default elementor-widget elementor-widget-icon\" data-id=\"ac8fb65\" data-element_type=\"widget\" data-e-type=\"widget\" data-widget_type=\"icon.default\">\n\t\t\t\t<div class=\"elementor-widget-container\">\n\t\t\t\t\t\t\t<div class=\"elementor-icon-wrapper\">\n\t\t\t<div class=\"elementor-icon\">\n\t\t\t<i aria-hidden=\"true\" class=\"far fa-lightbulb\"><\/i>\t\t\t<\/div>\n\t\t<\/div>\n\t\t\t\t\t\t<\/div>\n\t\t\t\t<\/div>\n\t\t\t\t\t<\/div>\n\t\t<\/div>\n\t\t\t\t\t<\/div>\n\t\t<\/section>\n\t\t\t\t<section class=\"elementor-section elementor-top-section elementor-element elementor-element-68492b8 elementor-section-boxed elementor-section-height-default elementor-section-height-default\" data-id=\"68492b8\" data-element_type=\"section\" data-e-type=\"section\">\n\t\t\t\t\t\t<div class=\"elementor-container elementor-column-gap-default\">\n\t\t\t\t\t<div class=\"elementor-column elementor-col-100 elementor-top-column elementor-element elementor-element-3d4b8b8d\" data-id=\"3d4b8b8d\" data-element_type=\"column\" data-e-type=\"column\">\n\t\t\t<div class=\"elementor-widget-wrap elementor-element-populated\">\n\t\t\t\t\t\t<div class=\"elementor-element elementor-element-5cc48f4e elementor-widget elementor-widget-text-editor\" data-id=\"5cc48f4e\" data-element_type=\"widget\" data-e-type=\"widget\" data-widget_type=\"text-editor.default\">\n\t\t\t\t<div class=\"elementor-widget-container\">\n\t\t\t\t\t\t\t\t\t<p><\/p>\n<p>O projeto institucional submetido ao Programa de Incentivo \u00e0s Atividades T\u00e9cnico-Administrativas na UERJ (Protec), \u00e9 coordenado pela pedagoga Alexsandra Barbosa do Laborat\u00f3rio de Tecnologias de Informa\u00e7\u00e3o e Comunica\u00e7\u00e3o (LATIC) do Departamento de Desenvolvimento Acad\u00eamico e Projetos de Inova\u00e7\u00e3o (DAPI), com a participa\u00e7\u00e3o da pedagoga Caren Regis atual diretora do Departamento de Orienta\u00e7\u00e3o e Supervis\u00e3o Pedag\u00f3gica (DEP), pelo assistente administrativo Bruno Oliveira do Departamento de Pol\u00edticas e A\u00e7\u00f5es em Educa\u00e7\u00e3o a Dist\u00e2ncia (DPAED) todos pertencentes \u00e0 Pr\u00f3-reitoria de Gradua\u00e7\u00e3o (PR1) e pelo analista de sistemas Wigberto J\u00fanior da&nbsp; Diretoria-Geral de Tecnologia da Informa\u00e7\u00e3o da UERJ (DGTI) da Universidade do Estado do Rio de Janeiro (UERJ).<\/p>\n<p><\/p>\n<p><\/p>\n<p>O LaTIC possui como miss\u00e3o fomentar a utiliza\u00e7\u00e3o das tecnologias na&nbsp; UERJ e para isso, utiliza de artefatos tecnol\u00f3gicos&nbsp; que propiciam a intera\u00e7\u00e3o e objetivam uma participa\u00e7\u00e3o mais eficaz que articula seu p\u00fablico interno com o externo, publicando e disseminando informa\u00e7\u00f5es relevantes que envolvem a universidade. Nesse sentido, para cumprir tal demanda o laborat\u00f3rio desenvolve projetos que visam aproximar os conhecimentos&nbsp; e as viv\u00eancias acad\u00eamicas ao cotidiano vivenciado pelos alunos. Os referidos projetos realizados pelo LaTIC envolvem a&nbsp; utiliza\u00e7\u00e3o de sites, blogs e redes sociais para compartilhamento dos relatos de experi\u00eancias.<\/p>\n<p><\/p>\n<p><\/p>\n<p>Esses relatos de experi\u00eancia s\u00e3o recebidos nos mais variados formatos, em textos, imagens e v\u00eddeos gravados pelo LaTIC com os participantes e depois compartilhados com toda a comunidade interna e externa por meio de um blog, do youtube e de redes sociais, instagram e facebook.<\/p>\n<p><\/p>\n<p><\/p>\n<p>O projeto proposto pelo LaTIC, que \u00e9 uma Unidade&nbsp; de Desenvolvimento Tecnol\u00f3gico da PR1, tem inspira\u00e7\u00e3o no projeto cadastrado no Departamento de Est\u00e1gios e Bolsas (Cetreina\/PR-1) \u201cUerjianos pelo mundo: compartilhando experi\u00eancias de interc\u00e2mbios e est\u00e1gios dentro e fora da universidade\u201d, que iniciou buscando relatos de experi\u00eancia apenas de estudantes da gradua\u00e7\u00e3o da Uerj fora do Brasil, estudantes de fora estudando na Uerj e as experi\u00eancias de estudantes da Uerj em est\u00e1gios dentro da pr\u00f3pria universidade e fora dela. Inclusive, recebemos em 2018 o Pr\u00eamio da Gradua\u00e7\u00e3o Fernando Sgarbi Lima (1o lugar na modalidade Est\u00e1gio Interno Complementar) e agora, inspirados nessa experi\u00eancia, temos a inten\u00e7\u00e3o de criar o projeto para estudo com egressos que estamos intitulando \u201cUerjianos pelo mundo: um estudo com egressos para a avalia\u00e7\u00e3o institucional\u201d com uma proposta diferenciada, maior e mais robusta.<\/p>\n<p><\/p>\n<p><\/p>\n<p>Tudo isso levando em considera\u00e7\u00e3o que h\u00e1 na universidade a necessidade de termos um estudo com os egressos por parte da Pr\u00f3-reitoria de gradua\u00e7\u00e3o que colabore para que sejam feitas avalia\u00e7\u00f5es institucionais e para que se pense e repense os curr\u00edculos na UERJ, o LaTIC em conjunto com o DEP, que \u00e9 o departamento que busca reafirmar seu papel de assessor pedag\u00f3gico das Unidades Acad\u00eamicas, bem como implementar um acompanhamento mais sistem\u00e1tico da trajet\u00f3ria acad\u00eamica dos estudantes, levantaram essa problem\u00e1tica, identificando essa necessidade de se pensar em a\u00e7\u00f5es por meio do projeto Protec que colaborassem para a concretiza\u00e7\u00e3o deste estudo.<\/p>\n<p><\/p>\n<p><\/p>\n<p><span style=\"background-color: inherit;\">Diante de tal contexto que norteou a proposta, podemos tamb\u00e9m afirmar que \u00e9 no dia a dia que os praticantes culturais (CERTEAU, 2014), criam e recriam, suas habilidades, ast\u00facias e t\u00e1ticas,&nbsp; Certeau (2014) afirma que a \u201ct\u00e1tica \u00e9 a arte do fraco\u201d (p. 95), ela \u201cjoga com o terreno que lhe \u00e9 imposto (&#8230;) a t\u00e1tica \u00e9 movimento por \u201cdentro do campo de vis\u00e3o do inimigo\u201d, como dizia von Bullow, e no espa\u00e7o por ele controlado\u201d (p. 94), que lhes possibilitam contornar algumas dificuldades e desafios que emergem nesses \u2018<\/span><em style=\"background-color: inherit;\">espa\u00e7ostempos<\/em><span style=\"background-color: inherit;\">\u2019, neste caso aqui entendido como praticantes culturais os t\u00e9cnico-administrativos e todos envolvidos no projeto.<\/span><br><\/p>\n<p><\/p>\n<p><\/p>\n<p>Pois s\u00e3o a partir desses desafios do nosso ambiente de trabalho cotidiano que surgem nossos dilemas, inquieta\u00e7\u00f5es e algumas das quest\u00f5es iniciais que provocaram a escrita deste projeto, tais como:&nbsp;<\/p>\n<p><\/p>\n<p><\/p>\n<ul class=\"wp-block-list\">\n<li style=\"list-style-type: none;\">\n<ul><\/ul>\n<\/li>\n<\/ul>\n<ul>\n<li style=\"list-style-type: none;\">\n<ul>\n<li>Como as avalia\u00e7\u00f5es institucionais da UERJ podem ser criadas e compartilhadas a partir do estudo com os egressos?<\/li>\n<\/ul>\n<\/li>\n<\/ul>\n<p><\/p>\n<p><\/p>\n<ul>\n<li style=\"list-style-type: none;\">\n<ul>\n<li>Quais os saberes produzidos no cotidiano dos egressos a partir do curr\u00edculo que foi vivenciado na universidade?<\/li>\n<\/ul>\n<\/li>\n<\/ul>\n<p><\/p>\n<p><\/p>\n<ul>\n<li style=\"list-style-type: none;\">\n<ul>\n<li>Onde e como tem se dado a atua\u00e7\u00e3o dos egressos no mercado de trabalho?<\/li>\n<\/ul>\n<\/li>\n<\/ul>\n<p><\/p>\n<p><\/p>\n<ul>\n<li style=\"list-style-type: none;\">\n<ul>\n<li>A partir dos egressos \u00e9 poss\u00edvel mapearmos o impacto da contribui\u00e7\u00e3o da Uerj na forma\u00e7\u00e3o qualificada de profissionais atuantes nos mais diversos campos de trabalho na sociedade?&nbsp;<\/li>\n<\/ul>\n<\/li>\n<\/ul>\n<p><\/p>\n<p><\/p>\n<ul>\n<li style=\"list-style-type: none;\">\n<ul>\n<li>Como as experi\u00eancias compartilhadas pelos egressos podem colaborar para que repensemos o curr\u00edculo na universidade?<\/li>\n<\/ul>\n<\/li>\n<\/ul>\n<p><\/p>\n<p><\/p>\n<ul>\n<li style=\"list-style-type: none;\">\n<ul>\n<li>Como a produ\u00e7\u00e3o de materiais audiovisuais como Recursos Educacionais Abertos podem colaborar para a produ\u00e7\u00e3o de outros curr\u00edculos?<\/li>\n<\/ul>\n<\/li>\n<\/ul>\n<p><\/p>\n<p><\/p>\n<ul>\n<li style=\"list-style-type: none;\">\n<ul>\n<li>Como o compartilhamento por meio das tecnologias digitais dos estudos com os egressos pode colaborar com os candidatos e ingressantes na UERJ?<\/li>\n<\/ul>\n<\/li>\n<\/ul>\n<p><\/p>\n<p><\/p>\n<p><\/p>\n<p>Diante dessa contextualiza\u00e7\u00e3o, cen\u00e1rio, desafios, dilemas e necessidades aqui apresentados e com a participa\u00e7\u00e3o colaborativa de servidores t\u00e9cnico-administrativos de departamentos variados da PR1 e DGTI, apresentamos o projeto \u201c Uerjianos pelo mundo: um estudo com egressos para a avalia\u00e7\u00e3o institucional\u201d (Edital PROTEC N\u00ba 01\/2022).<\/p>\n<p><\/p>\t\t\t\t\t\t\t\t<\/div>\n\t\t\t\t<\/div>\n\t\t\t\t\t<\/div>\n\t\t<\/div>\n\t\t\t\t\t<\/div>\n\t\t<\/section>\n\t\t\t\t<\/div>\n\t\t","protected":false},"excerpt":{"rendered":"<p>O projeto institucional submetido ao Programa de Incentivo \u00e0s Atividades T\u00e9cnico-Administrativas na UERJ (Protec), \u00e9 coordenado pela pedagoga Alexsandra Barbosa do Laborat\u00f3rio de Tecnologias de Informa\u00e7\u00e3o e Comunica\u00e7\u00e3o (LATIC) do Departamento de Desenvolvimento Acad\u00eamico e Projetos de Inova\u00e7\u00e3o (DAPI), com a <a href=\"https:\/\/latic.uerj.br\/egressos\/?page_id=2\" class=\"read-more\">Read More &#8230;<\/a><\/p>\n","protected":false},"author":2,"featured_media":0,"parent":0,"menu_order":0,"comment_status":"closed","ping_status":"closed","template":"","meta":{"_themeisle_gutenberg_block_has_review":false,"footnotes":""},"class_list":["post-2","page","type-page","status-publish","hentry"],"_links":{"self":[{"href":"https:\/\/latic.uerj.br\/egressos\/index.php?rest_route=\/wp\/v2\/pages\/2","targetHints":{"allow":["GET"]}}],"collection":[{"href":"https:\/\/latic.uerj.br\/egressos\/index.php?rest_route=\/wp\/v2\/pages"}],"about":[{"href":"https:\/\/latic.uerj.br\/egressos\/index.php?rest_route=\/wp\/v2\/types\/page"}],"author":[{"embeddable":true,"href":"https:\/\/latic.uerj.br\/egressos\/index.php?rest_route=\/wp\/v2\/users\/2"}],"replies":[{"embeddable":true,"href":"https:\/\/latic.uerj.br\/egressos\/index.php?rest_route=%2Fwp%2Fv2%2Fcomments&post=2"}],"version-history":[{"count":15,"href":"https:\/\/latic.uerj.br\/egressos\/index.php?rest_route=\/wp\/v2\/pages\/2\/revisions"}],"predecessor-version":[{"id":347,"href":"https:\/\/latic.uerj.br\/egressos\/index.php?rest_route=\/wp\/v2\/pages\/2\/revisions\/347"}],"wp:attachment":[{"href":"https:\/\/latic.uerj.br\/egressos\/index.php?rest_route=%2Fwp%2Fv2%2Fmedia&parent=2"}],"curies":[{"name":"wp","href":"https:\/\/api.w.org\/{rel}","templated":true}]}}